{"id":5,"date":"2018-04-03T14:20:57","date_gmt":"2018-04-03T14:20:57","guid":{"rendered":"https:\/\/dominicanhealth.wordpress.com\/?page_id=2"},"modified":"2024-12-30T15:38:55","modified_gmt":"2024-12-30T14:38:55","slug":"uber","status":"publish","type":"page","link":"https:\/\/dominicanhealth.de\/es\/uber\/","title":{"rendered":"Ocurrencia"},"content":{"rendered":"<p>Durante un viaje a la Rep\u00fablica Dominicana en 2017, se estableci\u00f3 un contacto inicial en Puerto Plata con un grupo de m\u00e9dicos y personal de enfermer\u00eda dominicanos que est\u00e1n comprometidos a proporcionar atenci\u00f3n m\u00e9dica a sectores pobres de la poblaci\u00f3n.<\/p>\n<p>Como resultado, un proyecto estudiantil de la Universidad de Ciencias Aplicadas de Furtwangen tuvo la idea de examinar m\u00e1s de cerca la atenci\u00f3n primaria de la salud en la Rep\u00fablica Dominicana. Utilizando el ejemplo del proyecto concreto en Puerto Plata, se promueven y apoyan estructuras sostenibles para mejorar la atenci\u00f3n de la salud. Para nosotros es importante que apoyemos las estructuras ya existentes, pero que puedan ser apoyadas por los actores del propio pa\u00eds.<\/p>\n<p>Con el fin de apoyar de manera sostenible la implementaci\u00f3n de la idea, fundamos la asociaci\u00f3n \u00abDominican Health e.V.\u00bb.<\/p>\n<div id=\"attachment_183\" style=\"width: 1290px\" class=\"wp-caption alignnone\"><img loading=\"lazy\" decoding=\"async\" aria-describedby=\"caption-attachment-183\" class=\"wp-image-183 size-full\" src=\"http:\/\/dominicanhealth.de\/wp-content\/uploads\/2018\/04\/whatsapp-image-2017-12-20-at-18-56-40.jpeg\" alt=\"WhatsApp Image 2017-12-20 at 18.56.40\" width=\"1280\" height=\"853\" srcset=\"https:\/\/dominicanhealth.de\/wp-content\/uploads\/2018\/04\/whatsapp-image-2017-12-20-at-18-56-40.jpeg 1280w, https:\/\/dominicanhealth.de\/wp-content\/uploads\/2018\/04\/whatsapp-image-2017-12-20-at-18-56-40-300x200.jpeg 300w, https:\/\/dominicanhealth.de\/wp-content\/uploads\/2018\/04\/whatsapp-image-2017-12-20-at-18-56-40-768x512.jpeg 768w, https:\/\/dominicanhealth.de\/wp-content\/uploads\/2018\/04\/whatsapp-image-2017-12-20-at-18-56-40-1024x682.jpeg 1024w\" sizes=\"auto, (max-width: 1280px) 100vw, 1280px\" \/><p id=\"caption-attachment-183\" class=\"wp-caption-text\">Laura Preiser, Marie Thiele, Patricia Frick, Corinna Steiner, Anna-Maria Mayr, Peter K\u00f6nig, Julia Pergialis<\/p><\/div>\n","protected":false},"excerpt":{"rendered":"<p>Durante un viaje a la Rep\u00fablica Dominicana en 2017, se estableci\u00f3 un contacto inicial en Puerto Plata con un grupo de m\u00e9dicos y personal de enfermer\u00eda&#46;&#46;&#46;<\/p>\n","protected":false},"author":1,"featured_media":0,"parent":0,"menu_order":1,"comment_status":"closed","ping_status":"closed","template":"","meta":{"footnotes":""},"class_list":["post-5","page","type-page","status-publish","hentry"],"translation":{"provider":"WPGlobus","version":"3.0.2","language":"es","enabled_languages":["de","en","es"],"languages":{"de":{"title":true,"content":true,"excerpt":false},"en":{"title":true,"content":true,"excerpt":false},"es":{"title":true,"content":true,"excerpt":false}}},"_links":{"self":[{"href":"https:\/\/dominicanhealth.de\/es\/wp-json\/wp\/v2\/pages\/5","targetHints":{"allow":["GET"]}}],"collection":[{"href":"https:\/\/dominicanhealth.de\/es\/wp-json\/wp\/v2\/pages"}],"about":[{"href":"https:\/\/dominicanhealth.de\/es\/wp-json\/wp\/v2\/types\/page"}],"author":[{"embeddable":true,"href":"https:\/\/dominicanhealth.de\/es\/wp-json\/wp\/v2\/users\/1"}],"replies":[{"embeddable":true,"href":"https:\/\/dominicanhealth.de\/es\/wp-json\/wp\/v2\/comments?post=5"}],"version-history":[{"count":10,"href":"https:\/\/dominicanhealth.de\/es\/wp-json\/wp\/v2\/pages\/5\/revisions"}],"predecessor-version":[{"id":1660,"href":"https:\/\/dominicanhealth.de\/es\/wp-json\/wp\/v2\/pages\/5\/revisions\/1660"}],"wp:attachment":[{"href":"https:\/\/dominicanhealth.de\/es\/wp-json\/wp\/v2\/media?parent=5"}],"curies":[{"name":"wp","href":"https:\/\/api.w.org\/{rel}","templated":true}]}}